{"id":694,"date":"2020-11-19T10:30:57","date_gmt":"2020-11-19T15:30:57","guid":{"rendered":"https:\/\/paroissesainte-famille.org\/?page_id=694"},"modified":"2026-05-03T06:27:44","modified_gmt":"2026-05-03T11:27:44","slug":"bienvenue","status":"publish","type":"page","link":"https:\/\/paroissesainte-famille.org\/bienvenue\/","title":{"rendered":"Paix aux hommes de bonne volont\u00e9 !"},"content":{"rendered":"\n<p class=\"has-text-align-center has-text-color has-background\" style=\"color:#fffded;background-color:#62210cfa;font-size:16px\">La paroisse de Sainte-Famille r\u00e9unit les communaut\u00e9s chr\u00e9tiennes <br>du dioc\u00e8se catholique de Joliette situ\u00e9es dans les municipalit\u00e9s<br>de Crabtree, de Saint-Paul et de Saint-Thomas au Qu\u00e9bec.<\/p>\n\n\n\n<hr class=\"wp-block-separator has-alpha-channel-opacity\"\/>\n\n\n\n<div class=\"wp-block-media-text is-stacked-on-mobile\" style=\"grid-template-columns:35% auto\"><figure class=\"wp-block-media-text__media\"><img loading=\"lazy\" decoding=\"async\" width=\"700\" height=\"1024\" src=\"https:\/\/paroissesainte-famille.org\/wp-content\/uploads\/2021\/12\/Sainte-Famille1-700x1024.jpg\" alt=\"\" class=\"wp-image-5225 size-full\" srcset=\"https:\/\/paroissesainte-famille.org\/wp-content\/uploads\/2021\/12\/Sainte-Famille1-700x1024.jpg 700w, https:\/\/paroissesainte-famille.org\/wp-content\/uploads\/2021\/12\/Sainte-Famille1-205x300.jpg 205w, https:\/\/paroissesainte-famille.org\/wp-content\/uploads\/2021\/12\/Sainte-Famille1-768x1123.jpg 768w, https:\/\/paroissesainte-famille.org\/wp-content\/uploads\/2021\/12\/Sainte-Famille1-1050x1536.jpg 1050w, https:\/\/paroissesainte-famille.org\/wp-content\/uploads\/2021\/12\/Sainte-Famille1.jpg 1094w\" sizes=\"auto, (max-width: 700px) 100vw, 700px\" \/><\/figure><div class=\"wp-block-media-text__content\">\n<p class=\"has-text-align-right has-medium-font-size\">&nbsp;<\/p>\n\n\n\n<div style=\"height:60px\" aria-hidden=\"true\" class=\"wp-block-spacer\"><\/div>\n\n\n\n<p class=\"has-text-align-right has-black-color has-text-color has-link-color wp-elements-a2443e71c011be9e5d6c090a3da40472\" style=\"font-size:20px\">\u00abAmen, amen, je vous le dis: <br>\u00abMoi, je suis la porte des brebis &#8230;<br>Moi, je suis venu pour que les brebis aient la vie, la vie en abondance.\u00bb<\/p>\n\n\n\n<p class=\"has-text-align-right\">\u00c9vangile de Jean 10, 1-10<\/p>\n<\/div><\/div>\n\n\n\n<div class=\"wp-block-media-text is-stacked-on-mobile\" style=\"grid-template-columns:17% auto\"><figure class=\"wp-block-media-text__media\"><img loading=\"lazy\" decoding=\"async\" width=\"126\" height=\"107\" src=\"https:\/\/paroissesainte-famille.org\/wp-content\/uploads\/2022\/01\/Nouveau-rouge.jpg\" alt=\"\" class=\"wp-image-5541 size-full\"\/><\/figure><div class=\"wp-block-media-text__content\">\n<p class=\"has-black-color has-text-color has-link-color wp-elements-cc4e12345314c5549edfbf9d26698d85\">5e dimanche de P\u00e2ques &#8211; Commentaire de Patrice Perreault : <a href=\"https:\/\/paroissesainte-famille.org\/bienvenue\/evangile-du-dimanche\/\" data-type=\"page\" data-id=\"3641\">cliquez <\/a><\/p>\n<\/div><\/div>\n\n\n\n<hr class=\"wp-block-separator has-alpha-channel-opacity\"\/>\n\n\n\n<h2 class=\"wp-block-heading has-text-align-center\">Pens\u00e9e du jour<\/h2>\n\n\n\n<div class=\"wp-block-media-text has-media-on-the-right is-stacked-on-mobile is-vertically-aligned-center\" style=\"grid-template-columns:auto 45%\"><div class=\"wp-block-media-text__content\">\n<p class=\"has-text-align-left has-black-color has-text-color has-link-color wp-elements-07abeca725e7629744b270fbad897203\" style=\"font-size:18px\">\u00ab \u00a0Le Saint-P\u00e8re invite \u00e0 \u00e9veiller chez les croyants une nouvelle conscience: apprendre \u00e0 rendre gr\u00e2ce pour chaque aliment, \u00e0 consommer avec simplicit\u00e9 et \u00e0 partager avec joie, en saisissant les fruits de la terre comme un don de Dieu \u00ab<em>destin\u00e9 \u00e0 tous, et pas seulement \u00e0 quelques-uns<\/em>\u00bb. \u00ab<em>Que personne ne soit exclu de la table commune<\/em>\u00bb. \u00bb<\/p>\n<\/div><figure class=\"wp-block-media-text__media\"><img loading=\"lazy\" decoding=\"async\" width=\"500\" height=\"340\" src=\"https:\/\/paroissesainte-famille.org\/wp-content\/uploads\/2026\/04\/Donnez-leur-a-manger.png\" alt=\"\" class=\"wp-image-16577 size-full\" srcset=\"https:\/\/paroissesainte-famille.org\/wp-content\/uploads\/2026\/04\/Donnez-leur-a-manger.png 500w, https:\/\/paroissesainte-famille.org\/wp-content\/uploads\/2026\/04\/Donnez-leur-a-manger-300x204.png 300w\" sizes=\"auto, (max-width: 500px) 100vw, 500px\" \/><\/figure><\/div>\n\n\n\n<div class=\"wp-block-columns is-layout-flex wp-container-core-columns-is-layout-9d6595d7 wp-block-columns-is-layout-flex\">\n<div class=\"wp-block-column is-layout-flow wp-block-column-is-layout-flow\">\n<div class=\"wp-block-columns is-layout-flex wp-container-core-columns-is-layout-9d6595d7 wp-block-columns-is-layout-flex\">\n<div class=\"wp-block-column is-layout-flow wp-block-column-is-layout-flow\">\n<p class=\"has-black-color has-text-color has-link-color wp-elements-6ef6bcb995d09226f10278a3c7eada07\">Pape L\u00e9on<br><a href=\"https:\/\/www.vaticannews.va\/fr\/pape\/news\/2026-04\/en-mai-le-saint-pere-nous-invite-a-prier-pour-une-alimentation.html\" data-type=\"link\" data-id=\"https:\/\/www.vaticannews.va\/fr\/pape\/news\/2026-04\/en-mai-le-saint-pere-nous-invite-a-prier-pour-une-alimentation.html\" target=\"_blank\" rel=\"noreferrer noopener\">Vaticannews.va<\/a><\/p>\n<\/div>\n\n\n\n<div class=\"wp-block-column is-layout-flow wp-block-column-is-layout-flow\">\n<p class=\"has-text-align-right\">Cr\u00e9dit image : Donnez <br><a href=\"https:\/\/www.medecinssansfrontieres.ca\/\" data-type=\"link\" data-id=\"https:\/\/www.medecinssansfrontieres.ca\/\" target=\"_blank\" rel=\"noreferrer noopener\">M\u00e9decins sans fronti\u00e8res<\/a><\/p>\n<\/div>\n<\/div>\n<\/div>\n<\/div>\n\n\n\n<div style=\"height:36px\" aria-hidden=\"true\" class=\"wp-block-spacer\"><\/div>\n\n\n\n<h2 class=\"wp-block-heading has-text-align-center has-black-color has-text-color has-background has-link-color wp-elements-2fcce3328bce64a8daf65ef13a060160\" style=\"background-color:#39a82d59\">Semainier paroissial <\/h2>\n\n\n\n<p class=\"has-text-align-center has-black-color has-text-color has-link-color wp-elements-5e778c2284e614e5d0321b10ef6f18b2\" style=\"font-size:14px\"><strong>Sur le site <a href=\"https:\/\/www.semainierparoissial.com\/semainiers\/009.pdf\" target=\"_blank\" rel=\"noreferrer noopener\">Semainierparoissial.com<\/a>, <br>le vendredi de chaque semaine, t\u00e9l\u00e9chargez votre feuillet paroissial<br><em>(Difficult\u00e9 \u00e0 afficher le nouveau Semainier ? <\/em><br><em>pensez \u00e0 rafra\u00eechir votre page.)<\/em><\/strong><\/p>\n\n\n\n<p class=\"has-text-align-center has-black-color has-text-color has-background has-link-color wp-elements-e78779d165fbaf7347deab30d17584f6\" style=\"background-color:#39a82d59;font-size:16px\"><strong>Encourageons nos annonceurs<\/strong><br>Annonceurs recherch\u00e9s : 514-273-7008<\/p>\n\n\n\n<hr class=\"wp-block-separator has-alpha-channel-opacity\"\/>\n\n\n\n<div style=\"height:25px\" aria-hidden=\"true\" class=\"wp-block-spacer\"><\/div>\n\n\n\n<div class=\"wp-block-media-text alignwide is-stacked-on-mobile is-image-fill-element\" style=\"grid-template-columns:32% auto\"><figure class=\"wp-block-media-text__media\"><img loading=\"lazy\" decoding=\"async\" width=\"156\" height=\"202\" src=\"https:\/\/paroissesainte-famille.org\/wp-content\/uploads\/2021\/06\/Vie-liturgique.jpg\" alt=\"\" class=\"wp-image-3137 size-full\" style=\"object-position:50% 50%\"\/><\/figure><div class=\"wp-block-media-text__content\">\n<p class=\"has-black-color has-text-color has-background\" style=\"background-color:#f8e7dc;font-size:16px\">Merci aux artisanes et artisans de la revue Vie Liturgique, publi\u00e9e par Novalis (Bayard Presse Canada inc.), Montr\u00e9al, <br>qui nourrissent notre foi et nous permettent de vous partager r\u00e9guli\u00e8rement leurs commentaires des \u00e9crits bibliques du jour.<br><a href=\"http:\/\/www.vieliturgique.ca\/\" data-type=\"URL\" data-id=\"http:\/\/www.vieliturgique.ca\/\" target=\"_blank\" rel=\"noreferrer noopener\">Site web<\/a><\/p>\n<\/div><\/div>\n\n\n\n<p id=\"pied-de-page\"><a href=\"#haut-bienvenue\" data-type=\"internal\" data-id=\"#haut-bienvenue\">Haut<\/a> de page<\/p>\n\n\n\n<div style=\"height:100px\" aria-hidden=\"true\" class=\"wp-block-spacer\"><\/div>\n\n\n\n<p><\/p>\n","protected":false},"excerpt":{"rendered":"<p>La paroisse de Sainte-Famille r\u00e9unit les communaut\u00e9s chr\u00e9tiennes du dioc\u00e8se catholique de Joliette situ\u00e9es dans les municipalit\u00e9sde Crabtree, de Saint-Paul et de Saint-Thomas au Qu\u00e9bec. 5e dimanche de P\u00e2ques &#8211; Commentaire de Patrice Perreault : cliquez Pens\u00e9e du jour \u00ab &hellip; <a href=\"https:\/\/paroissesainte-famille.org\/bienvenue\/\">Continuer la lecture <span class=\"meta-nav\">&rarr;<\/span><\/a><\/p>\n","protected":false},"author":3,"featured_media":0,"parent":0,"menu_order":0,"comment_status":"closed","ping_status":"closed","template":"","meta":{"footnotes":""},"class_list":["post-694","page","type-page","status-publish","hentry"],"_links":{"self":[{"href":"https:\/\/paroissesainte-famille.org\/bienvenue\/wp-json\/wp\/v2\/pages\/694","targetHints":{"allow":["GET"]}}],"collection":[{"href":"https:\/\/paroissesainte-famille.org\/bienvenue\/wp-json\/wp\/v2\/pages"}],"about":[{"href":"https:\/\/paroissesainte-famille.org\/bienvenue\/wp-json\/wp\/v2\/types\/page"}],"author":[{"embeddable":true,"href":"https:\/\/paroissesainte-famille.org\/bienvenue\/wp-json\/wp\/v2\/users\/3"}],"replies":[{"embeddable":true,"href":"https:\/\/paroissesainte-famille.org\/bienvenue\/wp-json\/wp\/v2\/comments?post=694"}],"version-history":[{"count":4519,"href":"https:\/\/paroissesainte-famille.org\/bienvenue\/wp-json\/wp\/v2\/pages\/694\/revisions"}],"predecessor-version":[{"id":16764,"href":"https:\/\/paroissesainte-famille.org\/bienvenue\/wp-json\/wp\/v2\/pages\/694\/revisions\/16764"}],"wp:attachment":[{"href":"https:\/\/paroissesainte-famille.org\/bienvenue\/wp-json\/wp\/v2\/media?parent=694"}],"curies":[{"name":"wp","href":"https:\/\/api.w.org\/{rel}","templated":true}]}}